{"id":1957,"date":"2025-12-09T16:21:44","date_gmt":"2025-12-09T16:21:44","guid":{"rendered":"https:\/\/hertig.realadvisor.io\/sales\/ennetmoos-6372-lyza-a9lk\/"},"modified":"2026-05-01T15:24:05","modified_gmt":"2026-05-01T15:24:05","slug":"ennetmoos-6372-lyza-a9lk","status":"publish","type":"listing","link":"https:\/\/hertig.realadvisor.io\/en\/sales\/ennetmoos-6372-lyza-a9lk\/","title":{"rendered":"7.5 Zi Penthouse Terrassenwohnung"},"content":{"rendered":"<p><strong>In Ennetmoos im steuerg\u00fcnstigen Kanton Nidwalden gelegen, profitiert die Residenz L\u00f6wenweg von kurzen Wegen nach Stans mit seinen Einkaufsm\u00f6glichkeiten, dem Spital und diversen Dienstleistungen. Zug und zahlreiche Freizeitziele sind innerhalb von 30 Minuten erreichbar. Der Flughafen Z\u00fcrich ist eine Stunde und der Flugplatz f\u00fcr Gesch\u00e4fts- und Privatjets in Buochs 15 Minuten entfernt.<\/strong><\/p>\n<p>In Ennetmoos im steuerg\u00fcnstigen Kanton Nidwalden gelegen, profitiert die Residenz L\u00f6wenweg von kurzen Wegen nach Stans mit seinen Einkaufsm\u00f6glichkeiten, dem Spital und diversen Dienstleistungen. Zug und zahlreiche Freizeitziele sind innerhalb von 30 Minuten erreichbar. Der Flughafen Z\u00fcrich ist eine Stunde und der Flugplatz f\u00fcr Gesch\u00e4fts- und Privatjets in Buochs 15 Minuten entfernt.<\/p>\n<p>\u00dcber den D\u00e4chern von Stans\/Ennetmoos \u00f6ffnet sich ein Lebensraum, der Stil, Freiheit und Lebenskunst verk\u00f6rpert. Weitl\u00e4ufige Terrassen fangen das Licht der Alpen ein, w\u00e4hrend drinnen edle Materialien, raffinierte Raumfolgen und grossz\u00fcgige Dimensionen ein unvergleichliches Flair schaffen.<\/p>\n<p>Der private Lift f\u00fchrt direkt ins Eingangsgeschoss in der f\u00fcnften Etage. Vom einladenden Entr\u00e9e gelangt man durch eine elegante Glast\u00fcr in den weitl\u00e4ufigen Wohn- und Essbereich, der sich \u00fcber die gesamte Breite der Wohnung erstreckt. Grossfl\u00e4chige Fensterfronten er\u00f6ffnen den Blick auf die zauberhafte Landschaft, w\u00e4hrend das Warmluft-Chemin\u00e9e an k\u00fchlen Abenden f\u00fcr behagliche W\u00e4rme sorgt. Edler Eichenparkett, der sich ohne Unterbrechung durch alle R\u00e4ume zieht, schafft ein behagliches und stimmiges Wohngef\u00fchl. Zwei Zug\u00e4nge f\u00fchren hinaus auf die umlaufenden Terrassen, die ganzt\u00e4gig Sonne und spektakul\u00e4re Aussichten garantieren.<\/p>\n<p>Die K\u00fcche \u2013 mit Fr\u00fchst\u00fccksplatz, Abzug nach aussen und hochwertigen V-Zug-Ger\u00e4ten ausgestattet \u2013 verbindet Funktionalit\u00e4t und Stil. Eine elegante Glasschiebet\u00fcr \u00f6ffnet sich zum Wohnraum und schafft fliessende \u00dcberg\u00e4nge zwischen Kochen, Essen und Wohnen.<\/p>\n<p>Die gedeckte Loggia mit offener Feuerstelle bildet das Herzst\u00fcck des Aussenbereichs. Direkt an den Wohnraum angrenzend, l\u00e4dt sie zu Grillabenden und entspannten Momenten mit Blick auf die Lichter des Tals ein, w\u00e4hrend man zugleich vor Wind und Wetter gesch\u00fctzt ist. Ein sonniger Gartensitzplatz mit viel Privatsph\u00e4re und Wasseranschluss im 6. Obergeschoss erweitert den Wohnraum ins Freie.<\/p>\n<p>Vom Wohnbereich f\u00fchrt ein Korridor zu den Privatr\u00e4umlichkeiten. Hier sind vier Zimmer, alle mit direktem Terrassenzugang und herrlichem Ausblick angeordnet. Der Master-Bedroom verf\u00fcgt \u00fcber eine eigene Ankleide und ein luxuri\u00f6ses Bad en suite mit Eckbadewanne, Regendusche und Doppelwaschtisch. Zwei weitere Nasszonen sowie ein separates G\u00e4ste-WC erg\u00e4nzen das hohe Komfortniveau. Alle Nassr\u00e4ume pr\u00e4sentieren sich in einem einheitlichem Design, das durch eine gekonnte Kombination von grossfl\u00e4chigen Fliesen in nat\u00fcrlichen Graut\u00f6nen, Holzm\u00f6beln und weissen W\u00e4nden begeistert.<\/p>\n<p>Ein Vorrats- und Technikraum sowie eine separate Waschk\u00fcche mit Waschmaschine, Tumbler und Heizungssteuerung unterstreichen den hohen praktischen Anspruch.<\/p>\n<p>\u00dcber eine elektrisch gesteuerte Bodentreppe gelangt man vom Flur aus ins Obergeschoss, wo sich die R\u00e4ume harmonisch um einen zentralen Vorraum herum gruppieren. Zwei ger\u00e4umige, klimatisierte Mehrzweckr\u00e4ume bieten ideale Voraussetzungen f\u00fcr Homeoffice, ein Atelier oder Fitness. Der grossz\u00fcgige Vorraum und der weitl\u00e4ufige Estrich vollenden das vielseitige Raumensemble.<\/p>\n<p>Zur Wohnung geh\u00f6ren ein Kellerraum sowie zwei Garagenpl\u00e4tze in der hauseigenen Tiefgarage mit Liftanschluss.\u00a0<\/p>\n<p>Die Kombination aus Ruhe, Raum, Sonne und Panorama macht diese Penthouse-Terrassenwohnung zu einem wahren Ausnahmeobjekt. Sie ist ein Zuhause f\u00fcr Menschen mit Sinn f\u00fcr das Besondere, gepr\u00e4gt von Stil, Weitblick und vollendeter Lebensqualit\u00e4t.<\/p>\n","protected":false},"featured_media":0,"template":"","listing_type":[2],"property_type":[16],"no_of_rooms":[4],"feature":[29,35,210,211,24,209],"orientation":[],"locality":[213,212],"postcode":[214],"country":[9],"listing_status":[10],"ra_feature":[11],"class_list":["post-1957","listing","type-listing","status-publish","hentry","listing_type-buy","property_type-apartment","no_of_rooms-6-rooms","feature-elevator","feature-fireplace","feature-child-friendly","feature-luxury","feature-view","feature-wheelchair-accessible","locality-ennetmoos","locality-nidwalden","postcode-214","country-ch","listing_status-available","ra_feature-published-on-ra"],"acf":[],"_links":{"self":[{"href":"https:\/\/hertig.realadvisor.io\/en\/wp-json\/wp\/v2\/listing\/1957","targetHints":{"allow":["GET"]}}],"collection":[{"href":"https:\/\/hertig.realadvisor.io\/en\/wp-json\/wp\/v2\/listing"}],"about":[{"href":"https:\/\/hertig.realadvisor.io\/en\/wp-json\/wp\/v2\/types\/listing"}],"wp:attachment":[{"href":"https:\/\/hertig.realadvisor.io\/en\/wp-json\/wp\/v2\/media?parent=1957"}],"wp:term":[{"taxonomy":"listing_type","embeddable":true,"href":"https:\/\/hertig.realadvisor.io\/en\/wp-json\/wp\/v2\/listing_type?post=1957"},{"taxonomy":"property_type","embeddable":true,"href":"https:\/\/hertig.realadvisor.io\/en\/wp-json\/wp\/v2\/property_type?post=1957"},{"taxonomy":"no_of_rooms","embeddable":true,"href":"https:\/\/hertig.realadvisor.io\/en\/wp-json\/wp\/v2\/no_of_rooms?post=1957"},{"taxonomy":"feature","embeddable":true,"href":"https:\/\/hertig.realadvisor.io\/en\/wp-json\/wp\/v2\/feature?post=1957"},{"taxonomy":"orientation","embeddable":true,"href":"https:\/\/hertig.realadvisor.io\/en\/wp-json\/wp\/v2\/orientation?post=1957"},{"taxonomy":"locality","embeddable":true,"href":"https:\/\/hertig.realadvisor.io\/en\/wp-json\/wp\/v2\/locality?post=1957"},{"taxonomy":"postcode","embeddable":true,"href":"https:\/\/hertig.realadvisor.io\/en\/wp-json\/wp\/v2\/postcode?post=1957"},{"taxonomy":"country","embeddable":true,"href":"https:\/\/hertig.realadvisor.io\/en\/wp-json\/wp\/v2\/country?post=1957"},{"taxonomy":"listing_status","embeddable":true,"href":"https:\/\/hertig.realadvisor.io\/en\/wp-json\/wp\/v2\/listing_status?post=1957"},{"taxonomy":"ra_feature","embeddable":true,"href":"https:\/\/hertig.realadvisor.io\/en\/wp-json\/wp\/v2\/ra_feature?post=1957"}],"curies":[{"name":"wp","href":"https:\/\/api.w.org\/{rel}","templated":true}]}}